{"id":260,"date":"2022-12-19T09:38:59","date_gmt":"2022-12-19T09:38:59","guid":{"rendered":"https:\/\/demo.athemes.com\/sydney-photography\/?page_id=260"},"modified":"2023-09-14T12:25:18","modified_gmt":"2023-09-14T10:25:18","slug":"about","status":"publish","type":"page","link":"https:\/\/kovacskatinka.hu\/?page_id=260","title":{"rendered":"Nevel\u00e9spszichol\u00f3gia"},"content":{"rendered":"<p><!--more--><\/p>\n<h1 style=\"text-align: center;\">Kov\u00e1cs Katinka<\/h1>\n<h1 style=\"text-align: center;\">tan\u00e1csad\u00f3-\u00e9s iskolapszichol\u00f3gus, ELTE NDI doktorandusz<\/h1>\n<p><img loading=\"lazy\" decoding=\"async\" class=\"wp-image-995 alignleft\" src=\"https:\/\/kovacskatinka.hu\/wp-content\/uploads\/2023\/03\/DSC_7282a-239x300.jpg\" alt=\"\" width=\"329\" height=\"413\" srcset=\"https:\/\/kovacskatinka.hu\/wp-content\/uploads\/2023\/03\/DSC_7282a-239x300.jpg 239w, https:\/\/kovacskatinka.hu\/wp-content\/uploads\/2023\/03\/DSC_7282a-817x1024.jpg 817w, https:\/\/kovacskatinka.hu\/wp-content\/uploads\/2023\/03\/DSC_7282a-768x962.jpg 768w, https:\/\/kovacskatinka.hu\/wp-content\/uploads\/2023\/03\/DSC_7282a-1226x1536.jpg 1226w, https:\/\/kovacskatinka.hu\/wp-content\/uploads\/2023\/03\/DSC_7282a-1635x2048.jpg 1635w, https:\/\/kovacskatinka.hu\/wp-content\/uploads\/2023\/03\/DSC_7282a-1000x1253.jpg 1000w, https:\/\/kovacskatinka.hu\/wp-content\/uploads\/2023\/03\/DSC_7282a-230x288.jpg 230w, https:\/\/kovacskatinka.hu\/wp-content\/uploads\/2023\/03\/DSC_7282a-350x439.jpg 350w, https:\/\/kovacskatinka.hu\/wp-content\/uploads\/2023\/03\/DSC_7282a-480x601.jpg 480w, https:\/\/kovacskatinka.hu\/wp-content\/uploads\/2023\/03\/DSC_7282a-scaled.jpg 2043w\" sizes=\"auto, (max-width: 329px) 100vw, 329px\" \/><\/p>\n<p style=\"text-align: justify;\">Pszichol\u00f3gus alapdiplom\u00e1mat 2010-ben a PPKE-n szereztem, 2013-ban lettem tan\u00e1csad\u00f3-\u00e9s iskolapszichol\u00f3gus az ELTE-n, ugyanitt 2019-ben kaptam meg kit\u00fcntet\u00e9ses diplom\u00e1mat szexu\u00e1lpszichol\u00f3giai szakpszichol\u00f3gusk\u00e9nt.<\/p>\n<p style=\"text-align: justify;\">2023 szeptember\u00e9t\u0151l az E\u00f6tv\u00f6s Lor\u00e1nd Tudom\u00e1nyegyetem Nevel\u00e9studom\u00e1nyi Int\u00e9zet\u00e9nek Kora gyermekkor pedag\u00f3gi\u00e1ja doktori program doktorandusza, a Kognit\u00edv fejl\u0151d\u00e9s-\u00e9s oktat\u00e1s kutat\u00f3csoport tagja vagyok.<\/p>\n<p style=\"text-align: justify;\">Kiemelt \u00e9rdekl\u0151d\u00e9si ter\u00fcletem a gyermeket t\u00e1mogat\u00f3 feln\u0151tt szerepe, eszk\u00f6zt\u00e1r\u00e1nak b\u0151v\u00edt\u00e9s\u00e9nek lehet\u0151s\u00e9gei az \u00e9rzelmi \u00e9s szoci\u00e1lis k\u00e9szs\u00e9gek fejl\u0151d\u00e9se, fejleszt\u00e9se kapcs\u00e1n.<\/p>\n<p style=\"text-align: justify;\">Mindemellett tov\u00e1bbra is elk\u00f6telezett vagyok az iskolapszichol\u00f3gia, valamint a szexu\u00e1lpszichol\u00f3gia ir\u00e1ny\u00e1ba.<\/p>\n<p style=\"text-align: justify;\">Hiszek abban, hogy a hozz\u00e1m fordul\u00f3t seg\u00edthetem szem\u00e9lyis\u00e9ge \u00e9s k\u00e9pess\u00e9gei kibontakoztat\u00e1s\u00e1ban, jav\u00edtva ezzel \u00e9letmin\u0151s\u00e9g\u00e9t. El\u0151ad\u00e1sokat \u00e9s foglalkoz\u00e1sokat tartok szexu\u00e1lis eg\u00e9szs\u00e9gnevel\u00e9s t\u00e9mak\u00f6r\u00e9ben, dolgozok a tabus\u00edt\u00e1s enyh\u00edt\u00e9s\u00e9n. 18 \u00e9ven aluliak r\u00e9sz\u00e9re is van lehet\u0151s\u00e9g id\u0151pontfoglal\u00e1sra, sz\u00fcl\u0151i beleegyez\u00e9st \u00e9s interj\u00fat k\u00f6vet\u0151en mag\u00e1nell\u00e1t\u00e1s keretein bel\u00fcl foglalkozom t\u00f6bbek k\u00f6z\u00f6tt szexu\u00e1lis eg\u00e9szs\u00e9gnevel\u00e9ssel, \u00e9rzelmi-\u00e9s szoci\u00e1lis k\u00e9szs\u00e9gfejleszt\u00e9ssel.<\/p>\n<p style=\"text-align: justify;\">Munk\u00e1m sor\u00e1n a Pszichol\u00f3gusok Szakmai Etikai K\u00f3dex\u00e9nek elveit k\u00f6vetem. Szoros kapcsolatot \u00e1polok a k\u00f6rny\u00e9k iskolapszichol\u00f3gusaival, a Pedag\u00f3giai Szakszolg\u00e1lattal, csal\u00e1dseg\u00edt\u0151-\u00e9s gy\u00e1m\u00fcgyi szakemberekkel, v\u00e9d\u0151n\u0151kkel, gyermekorvosokkal is. Iskolapszichol\u00f3gusk\u00e9nt t\u00e9r\u00edt\u00e9smentesen az in\u00e1rcsi Tolnay Lajos \u00c1ltal\u00e1nos Iskol\u00e1ban voltam el\u00e9rhet\u0151. K\u00e9rem hadd aj\u00e1nljam \u00d6n\u00f6knek sz\u00edvb\u0151l az ut\u00f3domat, Vasas Vikt\u00f3ri\u00e1t, akit az eddig \u00e1ltalam kezelt iskolapszichologus.inarcs@gmail.com c\u00edmen vagy a Kr\u00e9ta \u00dczeneteken kereszt\u00fcl \u00e9rhetnek el.<\/p>\n<p style=\"text-align: justify;\">A kett\u0151s kapcsolat elker\u00fcl\u00e9se \u00e9rdek\u00e9ben nem l\u00e9tes\u00edtek pszichol\u00f3giai kliensi kapcsolatot olyan szem\u00e9llyel, akivel szoros kapcsolatban \u00e1llok, vagy aki m\u00e1sik kliensemmel szoros kapcsolatban van.<\/p>\n<p style=\"text-align: justify;\">Titoktart\u00e1si k\u00f6telezetts\u00e9g terhel minden tudom\u00e1somra jutott pszichol\u00f3giai \u00e9s szem\u00e9lyes adat vonatkoz\u00e1s\u00e1ban, amelyek a pszichol\u00f3gusi titokk\u00f6rbe tartoznak. Ezeket az adatokat bizalmasan kezelem, a titoktart\u00e1si k\u00f6telezetts\u00e9gem a kapcsolat lez\u00e1r\u00e1sa ut\u00e1n is fenn\u00e1ll. Ez al\u00f3l kiv\u00e9telt k\u00e9peznek azon esetek, amikor a t\u00f6rv\u00e9ny az adatok k\u00f6zl\u00e9s\u00e9t elrendelni, vagy m\u00e1sok v\u00e9delme sz\u00fcks\u00e9gess\u00e9 teszi, p\u00e9ld\u00e1ul \u00f6n-vagy k\u00f6zvesz\u00e9lyes \u00e1llapotok eset\u00e9ben.<\/p>\n<p style=\"text-align: justify;\">Ment\u00e1l-eg\u00e9szs\u00e9g\u00fcgyi ell\u00e1t\u00e1st folytatok, amelynek kompetenciahat\u00e1rait tartom, \u00edgy nem v\u00e9gzek sem feln\u0151tt sem gyermek pszichoter\u00e1pi\u00e1t, gy\u00f3gyszerfel\u00edr\u00e1st, nem l\u00e1tok el pszichi\u00e1triai betegeket, nem v\u00e9gzek igazs\u00e1g\u00fcgyi szak\u00e9rt\u00e9st,\u00a0 szakv\u00e9lem\u00e9ny\u00edr\u00e1st.<\/p>\n<p style=\"text-align: justify;\">Hivat\u00e1som mellett \u00e9desanya \u00e9s feles\u00e9g vagyok, szeretek kreat\u00edv k\u00e9zm\u0171ves tev\u00e9kenys\u00e9geket folytatni,\u00a0 t\u00e1rsasj\u00e1t\u00e9kos k\u00f6z\u00f6ss\u00e9get szervezek. Feln\u0151ttk\u00e9nt tapasztaltam meg milyen kih\u00edv\u00e1s megtanulni \u00faszni \u00e9s kitart\u00f3 edz\u00e9smunk\u00e1t v\u00e9gezni, \u00f6r\u00f6mmel olvasok nemzetk\u00f6zi szakirodalmat \u00e9s sci-fit.<\/p>\n","protected":false},"excerpt":{"rendered":"","protected":false},"author":1,"featured_media":0,"parent":0,"menu_order":0,"comment_status":"closed","ping_status":"closed","template":"page-templates\/page_front-page.php","meta":{"footnotes":""},"class_list":["post-260","page","type-page","status-publish","hentry"],"_links":{"self":[{"href":"https:\/\/kovacskatinka.hu\/index.php?rest_route=\/wp\/v2\/pages\/260","targetHints":{"allow":["GET"]}}],"collection":[{"href":"https:\/\/kovacskatinka.hu\/index.php?rest_route=\/wp\/v2\/pages"}],"about":[{"href":"https:\/\/kovacskatinka.hu\/index.php?rest_route=\/wp\/v2\/types\/page"}],"author":[{"embeddable":true,"href":"https:\/\/kovacskatinka.hu\/index.php?rest_route=\/wp\/v2\/users\/1"}],"replies":[{"embeddable":true,"href":"https:\/\/kovacskatinka.hu\/index.php?rest_route=%2Fwp%2Fv2%2Fcomments&post=260"}],"version-history":[{"count":13,"href":"https:\/\/kovacskatinka.hu\/index.php?rest_route=\/wp\/v2\/pages\/260\/revisions"}],"predecessor-version":[{"id":1055,"href":"https:\/\/kovacskatinka.hu\/index.php?rest_route=\/wp\/v2\/pages\/260\/revisions\/1055"}],"wp:attachment":[{"href":"https:\/\/kovacskatinka.hu\/index.php?rest_route=%2Fwp%2Fv2%2Fmedia&parent=260"}],"curies":[{"name":"wp","href":"https:\/\/api.w.org\/{rel}","templated":true}]}}